{"id":2937,"date":"2025-11-30T07:40:43","date_gmt":"2025-11-30T07:40:43","guid":{"rendered":"https:\/\/mediatalenti.hr\/novo\/?page_id=2937"},"modified":"2025-12-31T10:59:42","modified_gmt":"2025-12-31T10:59:42","slug":"medijska-mreza","status":"publish","type":"page","link":"https:\/\/mediatalenti.hr\/novo\/medijska-mreza\/","title":{"rendered":"MEDIJSKA MRE\u017dA"},"content":{"rendered":"<h1 data-start=\"279\" data-end=\"373\"><strong data-start=\"281\" data-end=\"373\">MEDIJSKA MRE\u017dA \u2013 Projekt koji je povezao \u0161kole i otvorio nova vrata medijskoj pismenosti<\/strong><\/h1>\n<p><img loading=\"lazy\" decoding=\"async\" class=\"alignnone wp-image-3839\" src=\"https:\/\/mediatalenti.hr\/novo\/wp-content\/uploads\/2025\/12\/Dusty-Pink-Modern-Vision-Board-Presentation-300x169.png\" alt=\"\" width=\"509\" height=\"287\" srcset=\"https:\/\/mediatalenti.hr\/novo\/wp-content\/uploads\/2025\/12\/Dusty-Pink-Modern-Vision-Board-Presentation-300x169.png 300w, https:\/\/mediatalenti.hr\/novo\/wp-content\/uploads\/2025\/12\/Dusty-Pink-Modern-Vision-Board-Presentation-1024x576.png 1024w, https:\/\/mediatalenti.hr\/novo\/wp-content\/uploads\/2025\/12\/Dusty-Pink-Modern-Vision-Board-Presentation-768x432.png 768w, https:\/\/mediatalenti.hr\/novo\/wp-content\/uploads\/2025\/12\/Dusty-Pink-Modern-Vision-Board-Presentation-1536x864.png 1536w, https:\/\/mediatalenti.hr\/novo\/wp-content\/uploads\/2025\/12\/Dusty-Pink-Modern-Vision-Board-Presentation.png 1920w\" sizes=\"auto, (max-width: 509px) 100vw, 509px\" \/>&nbsp;<\/p>\n<h2 data-start=\"375\" data-end=\"465\"><strong data-start=\"378\" data-end=\"465\">Uspje\u0161no proveden projekt medijske produkcije u partnerstvu pet obrazovnih ustanova<\/strong><\/h2>\n<p data-start=\"370\" data-end=\"789\">Odr\u017eana je zavr\u0161na premijera projekta Medijska mre\u017ea, \u010dime je na sve\u010dan i simboli\u010dan na\u010din zaokru\u017een vi\u0161emjese\u010dni projekt medijske produkcije proveden u partnerstvu pet obrazovnih ustanova, uz podr\u0161ku Agencije za elektroni\u010dke medije. Premijera svih pet filmova odr\u017eana je&nbsp; 18. prosinca 2025. u kino dvorani Graditeljske tehni\u010dke \u0161kole i okupila je u\u010denike, mentore, nastavnike, ravnatelje i suradnike projekta. Dvorana ima 450 sjede\u0107ih mjesta pa je, sude\u0107i prema fotografijama, premijeru pratilo oko 500 gledatelja.<\/p>\nngg_shortcode_0_placeholder\n<p data-start=\"370\" data-end=\"789\">Za program, uklju\u010duju\u0107i i nastup benda,&nbsp; bili su zadu\u017eeni u\u010denici XIII. gimnazije. Voditeljski dvojac \u010dinili su Arijana i Boris, dok su Roko, Antonio i Gabriel bili zadu\u017eeni za tehni\u010dku realizaciju doga\u0111anja, uklju\u010duju\u0107i rasvjetu i tonsku podr\u0161ku, \u010dime su jo\u0161 jednom pokazali visoku razinu odgovornosti, znanja i profesionalnosti. Voditeljica projekta i predsjednica Udruge Media talenti, Silvia Vladi\u0107 Vrban, zahvalila je svim mentorima i ravnateljima te u\u010denicima na podr\u0161ci, suradnji i doprinosu uspje\u0161noj realizaciji projekta.<\/p>\n<p data-start=\"813\" data-end=\"1101\"><img loading=\"lazy\" decoding=\"async\" class=\"alignnone wp-image-3841\" src=\"https:\/\/mediatalenti.hr\/novo\/wp-content\/uploads\/2025\/12\/DSC06630-300x200.jpg\" alt=\"\" width=\"431\" height=\"287\" srcset=\"https:\/\/mediatalenti.hr\/novo\/wp-content\/uploads\/2025\/12\/DSC06630-300x200.jpg 300w, https:\/\/mediatalenti.hr\/novo\/wp-content\/uploads\/2025\/12\/DSC06630-1024x683.jpg 1024w, https:\/\/mediatalenti.hr\/novo\/wp-content\/uploads\/2025\/12\/DSC06630-768x512.jpg 768w, https:\/\/mediatalenti.hr\/novo\/wp-content\/uploads\/2025\/12\/DSC06630-1536x1024.jpg 1536w, https:\/\/mediatalenti.hr\/novo\/wp-content\/uploads\/2025\/12\/DSC06630-2048x1365.jpg 2048w\" sizes=\"auto, (max-width: 431px) 100vw, 431px\" \/><\/p>\n<pre data-start=\"813\" data-end=\"1101\">Ravnatelji ustanova s mentorima i voditeljima projekta.<\/pre>\n<p data-start=\"791\" data-end=\"1134\">Naglasila je kako je projekt <em data-start=\"96\" data-end=\"112\">Medijska mre\u017ea<\/em> prvi put ostvario suradnju svih pet ustanova koje dijele isto dvori\u0161te \u2013 Obrtni\u010dke i industrijske graditeljske \u0161kole, Graditeljske tehni\u010dke \u0161kole, XIII. gimnazije, Geodetske \u0161kole i U\u010deni\u010dkog doma Novi Zagreb. Iako dijele zajedni\u010dki prostor, u\u010denici se u svakodnevnom radu rijetko susre\u0107u i sura\u0111uju, \u010dime se propu\u0161taju brojne prilike za me\u0111usobno upoznavanje i razvoj. Upravo je ovaj projekt otvorio prostor za povezivanje, razmjenu ideja i realizaciju zajedni\u010dkih aktivnosti, pokazav\u0161i koliko takva suradnja mo\u017ee biti vrijedna i poticajna.<\/p>\n<p data-start=\"791\" data-end=\"1134\"><img loading=\"lazy\" decoding=\"async\" class=\"alignnone size-medium wp-image-2958\" src=\"https:\/\/mediatalenti.hr\/novo\/wp-content\/uploads\/2025\/11\/585391039_1247341614097846_7264827348301743833_n-300x225.jpg\" alt=\"\" width=\"300\" height=\"225\" srcset=\"https:\/\/mediatalenti.hr\/novo\/wp-content\/uploads\/2025\/11\/585391039_1247341614097846_7264827348301743833_n-300x225.jpg 300w, https:\/\/mediatalenti.hr\/novo\/wp-content\/uploads\/2025\/11\/585391039_1247341614097846_7264827348301743833_n-768x576.jpg 768w, https:\/\/mediatalenti.hr\/novo\/wp-content\/uploads\/2025\/11\/585391039_1247341614097846_7264827348301743833_n.jpg 960w\" sizes=\"auto, (max-width: 300px) 100vw, 300px\" \/><\/p>\n<pre data-start=\"791\" data-end=\"1134\">Detalj sa snimanja \u2013 kamera u fokusu.<\/pre>\n<h2 data-start=\"791\" data-end=\"1134\">Novinari, snimatelji, voditelji&#8230;<\/h2>\n<p data-start=\"791\" data-end=\"1134\">U\u010denici su tijekom projekta imali priliku oku\u0161ati se u ulogama novinara, snimatelja, voditelja, monta\u017eera i kreativaca svih vrsta. Dodijeljeno je ukupno 135 zahvalnica u\u010denicima, mentorima i suradnicima. Vi\u0161e od 100 nastavnika sudjelovalo je u radionicama u sklopu projekta, \u010dime je jo\u0161 jednom potvr\u0111ena njegova sna\u017ena edukativna i suradni\u010dka dimenzija. A najljep\u0161i dio pri\u010de? U\u010denici \u2013 ali i nastavnici \u2013 tra\u017eili su jo\u0161.<\/p>\n<p data-start=\"442\" data-end=\"698\"><img loading=\"lazy\" decoding=\"async\" class=\"alignnone size-medium wp-image-2956\" src=\"https:\/\/mediatalenti.hr\/novo\/wp-content\/uploads\/2025\/11\/585311614_1248131890685485_770540678897008680_n-300x66.jpg\" alt=\"\" width=\"300\" height=\"66\" srcset=\"https:\/\/mediatalenti.hr\/novo\/wp-content\/uploads\/2025\/11\/585311614_1248131890685485_770540678897008680_n-300x66.jpg 300w, https:\/\/mediatalenti.hr\/novo\/wp-content\/uploads\/2025\/11\/585311614_1248131890685485_770540678897008680_n-1024x224.jpg 1024w, https:\/\/mediatalenti.hr\/novo\/wp-content\/uploads\/2025\/11\/585311614_1248131890685485_770540678897008680_n-768x168.jpg 768w, https:\/\/mediatalenti.hr\/novo\/wp-content\/uploads\/2025\/11\/585311614_1248131890685485_770540678897008680_n.jpg 1170w\" sizes=\"auto, (max-width: 300px) 100vw, 300px\" \/><\/p>\n<figure id=\"attachment_3867\" aria-describedby=\"caption-attachment-3867\" style=\"width: 300px\" class=\"wp-caption alignnone\"><img loading=\"lazy\" decoding=\"async\" class=\"size-medium wp-image-3867\" src=\"https:\/\/mediatalenti.hr\/novo\/wp-content\/uploads\/2025\/12\/600891500_10236764636268282_7987543136177246551_n-300x74.jpg\" alt=\"\" width=\"300\" height=\"74\" srcset=\"https:\/\/mediatalenti.hr\/novo\/wp-content\/uploads\/2025\/12\/600891500_10236764636268282_7987543136177246551_n-300x74.jpg 300w, https:\/\/mediatalenti.hr\/novo\/wp-content\/uploads\/2025\/12\/600891500_10236764636268282_7987543136177246551_n-1024x254.jpg 1024w, https:\/\/mediatalenti.hr\/novo\/wp-content\/uploads\/2025\/12\/600891500_10236764636268282_7987543136177246551_n-768x190.jpg 768w, https:\/\/mediatalenti.hr\/novo\/wp-content\/uploads\/2025\/12\/600891500_10236764636268282_7987543136177246551_n.jpg 1170w\" sizes=\"auto, (max-width: 300px) 100vw, 300px\" \/><figcaption id=\"caption-attachment-3867\" class=\"wp-caption-text\">Screenshot<\/figcaption><\/figure>\n<figure id=\"attachment_3868\" aria-describedby=\"caption-attachment-3868\" style=\"width: 300px\" class=\"wp-caption alignnone\"><img loading=\"lazy\" decoding=\"async\" class=\"size-medium wp-image-3868\" src=\"https:\/\/mediatalenti.hr\/novo\/wp-content\/uploads\/2025\/12\/601910133_10236764988117078_3593399137020611217_n-300x146.jpg\" alt=\"\" width=\"300\" height=\"146\" srcset=\"https:\/\/mediatalenti.hr\/novo\/wp-content\/uploads\/2025\/12\/601910133_10236764988117078_3593399137020611217_n-300x146.jpg 300w, https:\/\/mediatalenti.hr\/novo\/wp-content\/uploads\/2025\/12\/601910133_10236764988117078_3593399137020611217_n-1024x497.jpg 1024w, https:\/\/mediatalenti.hr\/novo\/wp-content\/uploads\/2025\/12\/601910133_10236764988117078_3593399137020611217_n-768x373.jpg 768w, https:\/\/mediatalenti.hr\/novo\/wp-content\/uploads\/2025\/12\/601910133_10236764988117078_3593399137020611217_n.jpg 1170w\" sizes=\"auto, (max-width: 300px) 100vw, 300px\" \/><figcaption id=\"caption-attachment-3868\" class=\"wp-caption-text\">Screenshot<\/figcaption><\/figure>\n<h2 data-start=\"442\" data-end=\"698\">Kreativnost u slu\u017ebi dobrote \u2013 humanitarni sajam u\u010denika<\/h2>\n<p data-start=\"442\" data-end=\"698\">U suradnji svih partnerskih \u0161kola i U\u010deni\u010dkog doma organiziran je i Bo\u017ei\u0107ni sajam, na kojem su bili izlo\u017eeni u\u010deni\u010dki radovi. Sajam je bio popra\u0107en glazbom, dru\u017eenjem te medijskim kutkom za fotografiranje, \u0161to je dodatno pridonijelo sve\u010danoj atmosferi i dokumentiranju doga\u0111aja. Graditeljska tehni\u010dka \u0161kola prikupljene donacije namijenila je svojim u\u010denicima slabijeg imovinskog stanja. Geodetska \u0161kola ove je godine svoje donacije usmjerila Dje\u010djem domu Vrbina u Sisku. U\u010deni\u010dki dom Novi Zagreb svoje donacije \u0107e, kao i Obrtni\u010dka i industrijska graditeljska \u0161kola, uputiti Marijinskim obrocima, dok \u0107e XIII. gimnazija svoje donacije donirati Centru za djecu u Nazorovoj.<\/p>\n<p data-start=\"442\" data-end=\"698\"><img loading=\"lazy\" decoding=\"async\" class=\"alignnone size-medium wp-image-3843\" src=\"https:\/\/mediatalenti.hr\/novo\/wp-content\/uploads\/2025\/12\/DSC06496-200x300.jpg\" alt=\"\" width=\"200\" height=\"300\" srcset=\"https:\/\/mediatalenti.hr\/novo\/wp-content\/uploads\/2025\/12\/DSC06496-200x300.jpg 200w, https:\/\/mediatalenti.hr\/novo\/wp-content\/uploads\/2025\/12\/DSC06496-683x1024.jpg 683w, https:\/\/mediatalenti.hr\/novo\/wp-content\/uploads\/2025\/12\/DSC06496-768x1152.jpg 768w, https:\/\/mediatalenti.hr\/novo\/wp-content\/uploads\/2025\/12\/DSC06496-1024x1536.jpg 1024w, https:\/\/mediatalenti.hr\/novo\/wp-content\/uploads\/2025\/12\/DSC06496-1365x2048.jpg 1365w, https:\/\/mediatalenti.hr\/novo\/wp-content\/uploads\/2025\/12\/DSC06496-scaled.jpg 1707w\" sizes=\"auto, (max-width: 200px) 100vw, 200px\" \/> <img loading=\"lazy\" decoding=\"async\" class=\"alignnone size-medium wp-image-3844\" src=\"https:\/\/mediatalenti.hr\/novo\/wp-content\/uploads\/2025\/12\/DSC06499-200x300.jpg\" alt=\"\" width=\"200\" height=\"300\" srcset=\"https:\/\/mediatalenti.hr\/novo\/wp-content\/uploads\/2025\/12\/DSC06499-200x300.jpg 200w, https:\/\/mediatalenti.hr\/novo\/wp-content\/uploads\/2025\/12\/DSC06499-683x1024.jpg 683w, https:\/\/mediatalenti.hr\/novo\/wp-content\/uploads\/2025\/12\/DSC06499-768x1152.jpg 768w, https:\/\/mediatalenti.hr\/novo\/wp-content\/uploads\/2025\/12\/DSC06499-1024x1536.jpg 1024w, https:\/\/mediatalenti.hr\/novo\/wp-content\/uploads\/2025\/12\/DSC06499-1365x2048.jpg 1365w, https:\/\/mediatalenti.hr\/novo\/wp-content\/uploads\/2025\/12\/DSC06499-scaled.jpg 1707w\" sizes=\"auto, (max-width: 200px) 100vw, 200px\" \/><\/p>\n<pre data-start=\"442\" data-end=\"698\">Bo\u017ei\u0107ni sajam \u2013 u\u010denice uz izlo\u017eene ru\u010dne radove.<\/pre>\n<h2 data-start=\"442\" data-end=\"698\">Za\u0161to su ovakvi projekti va\u017eni?<\/h2>\n<p data-start=\"442\" data-end=\"698\">Mladi su itekako dokazali kako \u017eele u\u010diti o medijima \u2013 i da se u takvom okru\u017eenju osje\u0107aju kao kod ku\u0107e.&nbsp;<\/p>\n<p data-start=\"442\" data-end=\"698\"><img loading=\"lazy\" decoding=\"async\" class=\"alignnone wp-image-3050\" src=\"https:\/\/mediatalenti.hr\/novo\/wp-content\/uploads\/2025\/12\/plakat-final-212x300.png\" alt=\"\" width=\"351\" height=\"497\" srcset=\"https:\/\/mediatalenti.hr\/novo\/wp-content\/uploads\/2025\/12\/plakat-final-212x300.png 212w, https:\/\/mediatalenti.hr\/novo\/wp-content\/uploads\/2025\/12\/plakat-final-724x1024.png 724w, https:\/\/mediatalenti.hr\/novo\/wp-content\/uploads\/2025\/12\/plakat-final-768x1086.png 768w, https:\/\/mediatalenti.hr\/novo\/wp-content\/uploads\/2025\/12\/plakat-final-1086x1536.png 1086w, https:\/\/mediatalenti.hr\/novo\/wp-content\/uploads\/2025\/12\/plakat-final-1448x2048.png 1448w, https:\/\/mediatalenti.hr\/novo\/wp-content\/uploads\/2025\/12\/plakat-final.png 1587w\" sizes=\"auto, (max-width: 351px) 100vw, 351px\" \/><\/p>\n<p data-start=\"842\" data-end=\"1022\">Projekt je osmi\u0161ljen kako bi se osna\u017eila medijska pismenost, potaknula kreativnost u\u010denika i nastavnika te prikazala druga\u010dija, pozitivna i inspirativna strana \u0161kolskog \u017eivota. Projekti poput <em data-start=\"164\" data-end=\"180\">Medijske mre\u017ee<\/em> pokazuju koliko su suradnja, kreativnost i u\u010denje kroz praksu klju\u010dni za suvremeno obrazovanje. U\u010denicima pru\u017eaju priliku da razvijaju medijsku pismenost, kriti\u010dko razmi\u0161ljanje i komunikacijske vje\u0161tine, dok nastavnicima otvaraju prostor za razmjenu znanja i inovativne metode rada. Istovremeno, ovakvi projekti ja\u010daju povezanost \u0161kola s lokalnom zajednicom i doprinose stvaranju pozitivne slike \u0161kolstva u javnom prostoru.<\/p>\n<p data-start=\"842\" data-end=\"1022\"><img loading=\"lazy\" decoding=\"async\" class=\"alignnone size-medium wp-image-2959\" src=\"https:\/\/mediatalenti.hr\/novo\/wp-content\/uploads\/2025\/11\/585884311_1247342464097761_3207779126585933118_n-300x225.jpg\" alt=\"\" width=\"300\" height=\"225\" srcset=\"https:\/\/mediatalenti.hr\/novo\/wp-content\/uploads\/2025\/11\/585884311_1247342464097761_3207779126585933118_n-300x225.jpg 300w, https:\/\/mediatalenti.hr\/novo\/wp-content\/uploads\/2025\/11\/585884311_1247342464097761_3207779126585933118_n-1024x768.jpg 1024w, https:\/\/mediatalenti.hr\/novo\/wp-content\/uploads\/2025\/11\/585884311_1247342464097761_3207779126585933118_n-768x576.jpg 768w, https:\/\/mediatalenti.hr\/novo\/wp-content\/uploads\/2025\/11\/585884311_1247342464097761_3207779126585933118_n-1536x1152.jpg 1536w, https:\/\/mediatalenti.hr\/novo\/wp-content\/uploads\/2025\/11\/585884311_1247342464097761_3207779126585933118_n.jpg 2048w\" sizes=\"auto, (max-width: 300px) 100vw, 300px\" \/><\/p>\n<pre data-start=\"842\" data-end=\"1022\">Pregledavanje snimljenog materijala u studiju.\r\n\r\n<\/pre>\n<p data-start=\"1120\" data-end=\"1449\"><strong data-start=\"1061\" data-end=\"1118\">Pozitivne \u0161kolske pri\u010de koje zaslu\u017euju biti ispri\u010dane<\/strong><\/p>\n<p data-start=\"1120\" data-end=\"1449\">U medijima se \u0161kolske teme naj\u010de\u0161\u0107e povezuju s negativnim doga\u0111ajima, dok uspjesi, kvalitetni projekti i kreativnost u\u010denika i nastavnika ostaju u pozadini. Upravo zato projekt Medijska mre\u017ea usmjeren je na stvaranje prostora za pozitivne pri\u010de \u2014 one koje pokazuju koliko je \u0161kolstvo bogato iskustvima, trudom i zajedni\u0161tvom.&nbsp;<\/p>\n<p data-start=\"1120\" data-end=\"1449\"><img loading=\"lazy\" decoding=\"async\" class=\"alignnone size-medium wp-image-2957\" src=\"https:\/\/mediatalenti.hr\/novo\/wp-content\/uploads\/2025\/11\/585350910_1247341784097829_5263064711406345496_n-225x300.jpg\" alt=\"\" width=\"225\" height=\"300\" srcset=\"https:\/\/mediatalenti.hr\/novo\/wp-content\/uploads\/2025\/11\/585350910_1247341784097829_5263064711406345496_n-225x300.jpg 225w, https:\/\/mediatalenti.hr\/novo\/wp-content\/uploads\/2025\/11\/585350910_1247341784097829_5263064711406345496_n.jpg 720w\" sizes=\"auto, (max-width: 225px) 100vw, 225px\" \/><\/p>\n<pre data-start=\"1120\" data-end=\"1449\">U\u010denici Geodetske \u0161kole, snimanje na terenu.<\/pre>\n<p data-start=\"1451\" data-end=\"1618\">Cilj projekta bio je omogu\u0107iti svim partnerima profesionalnu medijsku edukaciju, razvijati medijske, komunikacijske, tehni\u010dke i kreativne vje\u0161tine u\u010denika i nastavnika te producirati pet reporta\u017ea, po jednu za svaku uklju\u010denu ustanovu. Projekt je bio usmjeren na unapre\u0111enje suradnje me\u0111u \u0161kolama kroz aktivno uklju\u010divanje u\u010denika i nastavnika iz razli\u010ditih obrazovnih profila u zajedni\u010dko kreiranje sadr\u017eaja, \u010dime se poticala razmjena znanja i iskustava. U\u010denicima je omogu\u0107eno sudjelovanje u svim fazama medijske produkcije \u2013 od snimanja i monta\u017ee do ure\u0111ivanja i vo\u0111enja emisija \u2013 kako bi se kroz prakti\u010dan rad na stvarnim projektima kvalitetno pripremili za budu\u0107e profesionalne izazove. Poseban naglasak stavljen je na promociju inkluzije i jednakih prilika, uklju\u010divanjem u\u010denika iz razli\u010ditih socio-ekonomskih sredina i razli\u010ditih vrsta \u0161kola, \u010dime se ja\u010dala svijest o va\u017enosti razli\u010ditosti.<\/p>\n<p data-start=\"1451\" data-end=\"1618\"><img loading=\"lazy\" decoding=\"async\" class=\"alignnone size-medium wp-image-3099\" src=\"https:\/\/mediatalenti.hr\/novo\/wp-content\/uploads\/2025\/12\/25-300x169.jpg\" alt=\"\" width=\"300\" height=\"169\" srcset=\"https:\/\/mediatalenti.hr\/novo\/wp-content\/uploads\/2025\/12\/25-300x169.jpg 300w, https:\/\/mediatalenti.hr\/novo\/wp-content\/uploads\/2025\/12\/25-1024x576.jpg 1024w, https:\/\/mediatalenti.hr\/novo\/wp-content\/uploads\/2025\/12\/25-768x432.jpg 768w, https:\/\/mediatalenti.hr\/novo\/wp-content\/uploads\/2025\/12\/25-1536x864.jpg 1536w, https:\/\/mediatalenti.hr\/novo\/wp-content\/uploads\/2025\/12\/25.jpg 1920w\" sizes=\"auto, (max-width: 300px) 100vw, 300px\" \/><\/p>\n<pre data-start=\"1451\" data-end=\"1618\">Hasan Dibrani,kerami\u010dar u OIG\u0160, korisnik UD Novi Zagreb.<\/pre>\n<p data-start=\"1451\" data-end=\"1618\">Projekt tako\u0111er doprinosi pove\u0107anju vidljivosti \u0161kolskih projekata i postignu\u0107a kroz kreiranje i distribuciju medijskih sadr\u017eaja na YouTube kanalu i dru\u0161tvenim mre\u017eama, poti\u010de inovacije u obrazovanju primjenom suvremenih tehnologija i razvojem digitalnih kompetencija te podi\u017ee razinu medijske pismenosti me\u0111u mladima, poti\u010du\u0107i kriti\u010dko razmi\u0161ljanje i odgovorno kori\u0161tenje medija. Osna\u017eivanjem u\u010denika i nastavnika u podru\u010dju medijske produkcije projekt dugoro\u010dno doprinosi daljnjim inovacijama u obrazovanju i pozitivnoj promjeni percepcije \u0161kolstva u javnom prostoru.<\/p>\n<p data-start=\"1451\" data-end=\"1618\"><img loading=\"lazy\" decoding=\"async\" class=\"alignnone size-medium wp-image-3852\" src=\"https:\/\/mediatalenti.hr\/novo\/wp-content\/uploads\/2025\/12\/IMG_9876-300x225.jpeg\" alt=\"\" width=\"300\" height=\"225\" srcset=\"https:\/\/mediatalenti.hr\/novo\/wp-content\/uploads\/2025\/12\/IMG_9876-300x225.jpeg 300w, https:\/\/mediatalenti.hr\/novo\/wp-content\/uploads\/2025\/12\/IMG_9876-1024x768.jpeg 1024w, https:\/\/mediatalenti.hr\/novo\/wp-content\/uploads\/2025\/12\/IMG_9876-768x576.jpeg 768w, https:\/\/mediatalenti.hr\/novo\/wp-content\/uploads\/2025\/12\/IMG_9876-1536x1152.jpeg 1536w, https:\/\/mediatalenti.hr\/novo\/wp-content\/uploads\/2025\/12\/IMG_9876-2048x1536.jpeg 2048w\" sizes=\"auto, (max-width: 300px) 100vw, 300px\" \/><\/p>\n<pre data-start=\"1451\" data-end=\"1618\">Bend XIII. gimnazije&nbsp;<\/pre>\n<h1 data-start=\"1625\" data-end=\"1668\"><strong data-start=\"1627\" data-end=\"1668\">Radionice, predavanja i prakti\u010dan rad<\/strong><\/h1>\n<h2 data-start=\"1670\" data-end=\"1751\"><strong data-start=\"1673\" data-end=\"1751\">Od ideje do realizacije \u2013 u\u010denici u ulozi novinara, snimatelja i voditelja<\/strong><\/h2>\n<p data-start=\"1753\" data-end=\"1856\">Tijekom nekoliko mjeseci u\u010denici i nastavnici sudjelovali su u bogatom programu radionica i predavanja: Predava\u010dica dr. sc. Ana \u0110ordi\u0107, filmologinja, govorila je o filmu kao mo\u0107nom mediju edukacije, manipulacije i dru\u0161tvenog utjecaja.&nbsp;<\/p>\n<p data-start=\"1753\" data-end=\"1856\"><img loading=\"lazy\" decoding=\"async\" class=\"alignnone size-medium wp-image-2950\" src=\"https:\/\/mediatalenti.hr\/novo\/wp-content\/uploads\/2025\/11\/589733690_1252568273575180_1050817465266844828_n-300x225.jpg\" alt=\"\" width=\"300\" height=\"225\" srcset=\"https:\/\/mediatalenti.hr\/novo\/wp-content\/uploads\/2025\/11\/589733690_1252568273575180_1050817465266844828_n-300x225.jpg 300w, https:\/\/mediatalenti.hr\/novo\/wp-content\/uploads\/2025\/11\/589733690_1252568273575180_1050817465266844828_n-1024x768.jpg 1024w, https:\/\/mediatalenti.hr\/novo\/wp-content\/uploads\/2025\/11\/589733690_1252568273575180_1050817465266844828_n-768x576.jpg 768w, https:\/\/mediatalenti.hr\/novo\/wp-content\/uploads\/2025\/11\/589733690_1252568273575180_1050817465266844828_n-1536x1152.jpg 1536w, https:\/\/mediatalenti.hr\/novo\/wp-content\/uploads\/2025\/11\/589733690_1252568273575180_1050817465266844828_n.jpg 2048w\" sizes=\"auto, (max-width: 300px) 100vw, 300px\" \/><\/p>\n<pre data-start=\"1753\" data-end=\"1856\"><em>dr. sc. Ana \u0110ordi\u0107, filmologinja<\/em><\/pre>\n<p data-start=\"1753\" data-end=\"1856\">Snimateljica i redateljica Ana \u0160eri\u0107 podijelila je svoja iskustva s terena i predstavila projekte na koje je iznimno ponosna, a publika je \u017eeljela znati detalje i zgodi i nezgode tijekom snimanja.<\/p>\n<p data-start=\"1753\" data-end=\"1856\"><img loading=\"lazy\" decoding=\"async\" class=\"alignnone size-medium wp-image-2944\" src=\"https:\/\/mediatalenti.hr\/novo\/wp-content\/uploads\/2025\/11\/586338830_1252568150241859_7317080013199304776_n-300x225.jpg\" alt=\"\" width=\"300\" height=\"225\" srcset=\"https:\/\/mediatalenti.hr\/novo\/wp-content\/uploads\/2025\/11\/586338830_1252568150241859_7317080013199304776_n-300x225.jpg 300w, https:\/\/mediatalenti.hr\/novo\/wp-content\/uploads\/2025\/11\/586338830_1252568150241859_7317080013199304776_n-1024x768.jpg 1024w, https:\/\/mediatalenti.hr\/novo\/wp-content\/uploads\/2025\/11\/586338830_1252568150241859_7317080013199304776_n-768x576.jpg 768w, https:\/\/mediatalenti.hr\/novo\/wp-content\/uploads\/2025\/11\/586338830_1252568150241859_7317080013199304776_n-1536x1152.jpg 1536w, https:\/\/mediatalenti.hr\/novo\/wp-content\/uploads\/2025\/11\/586338830_1252568150241859_7317080013199304776_n.jpg 2048w\" sizes=\"auto, (max-width: 300px) 100vw, 300px\" \/><\/p>\n<pre data-start=\"1753\" data-end=\"1856\"><em>Ana \u0160eri\u0107, snimateljica i redateljica&nbsp;<\/em><\/pre>\n<p data-start=\"1753\" data-end=\"1856\">Dr. sc. Kristijan Sedak pou\u010dio je u\u010denike i nastavnike tehnikama javnog nastupa, pripremi za intervjue i govoru tijela, a socijalna pedagoginja Maja Postoglu govorila je o emocionalnim izazovima koje mediji mogu potaknuti kod mladih.<\/p>\n<p data-start=\"1753\" data-end=\"1856\"><img loading=\"lazy\" decoding=\"async\" class=\"alignnone size-medium wp-image-2977\" src=\"https:\/\/mediatalenti.hr\/novo\/wp-content\/uploads\/2025\/11\/Red-Black-Modern-Important-Announcement-Mobile-Video-169x300.jpg\" alt=\"\" width=\"169\" height=\"300\" srcset=\"https:\/\/mediatalenti.hr\/novo\/wp-content\/uploads\/2025\/11\/Red-Black-Modern-Important-Announcement-Mobile-Video-169x300.jpg 169w, https:\/\/mediatalenti.hr\/novo\/wp-content\/uploads\/2025\/11\/Red-Black-Modern-Important-Announcement-Mobile-Video-576x1024.jpg 576w, https:\/\/mediatalenti.hr\/novo\/wp-content\/uploads\/2025\/11\/Red-Black-Modern-Important-Announcement-Mobile-Video-768x1365.jpg 768w, https:\/\/mediatalenti.hr\/novo\/wp-content\/uploads\/2025\/11\/Red-Black-Modern-Important-Announcement-Mobile-Video-864x1536.jpg 864w, https:\/\/mediatalenti.hr\/novo\/wp-content\/uploads\/2025\/11\/Red-Black-Modern-Important-Announcement-Mobile-Video.jpg 1080w\" sizes=\"auto, (max-width: 169px) 100vw, 169px\" \/> <img loading=\"lazy\" decoding=\"async\" class=\"alignnone size-medium wp-image-2976\" src=\"https:\/\/mediatalenti.hr\/novo\/wp-content\/uploads\/2025\/11\/Red-Black-Modern-Important-Announcement-Mobile-Video-1-169x300.jpg\" alt=\"\" width=\"169\" height=\"300\" srcset=\"https:\/\/mediatalenti.hr\/novo\/wp-content\/uploads\/2025\/11\/Red-Black-Modern-Important-Announcement-Mobile-Video-1-169x300.jpg 169w, https:\/\/mediatalenti.hr\/novo\/wp-content\/uploads\/2025\/11\/Red-Black-Modern-Important-Announcement-Mobile-Video-1-576x1024.jpg 576w, https:\/\/mediatalenti.hr\/novo\/wp-content\/uploads\/2025\/11\/Red-Black-Modern-Important-Announcement-Mobile-Video-1-768x1365.jpg 768w, https:\/\/mediatalenti.hr\/novo\/wp-content\/uploads\/2025\/11\/Red-Black-Modern-Important-Announcement-Mobile-Video-1-864x1536.jpg 864w, https:\/\/mediatalenti.hr\/novo\/wp-content\/uploads\/2025\/11\/Red-Black-Modern-Important-Announcement-Mobile-Video-1.jpg 1080w\" sizes=\"auto, (max-width: 169px) 100vw, 169px\" \/><\/p>\n<p data-start=\"1753\" data-end=\"1856\">Korina Danica Vrban bila je zadu\u017eena za izradu grafika, vizuala i jednostavnih animacija za emisije, a voditeljica projekta Silvia Vladi\u0107 Vrban bila je zadu\u017eena za koordinaciju projekta, snimanja, vo\u0111enje monta\u017ee i prezentaciju projekta. Snimalo se na terenu, u \u0161kolskom studiju OIG\u0160-a, a za potrebe projekta podigli smo i dron.&nbsp;&nbsp;Projekt se provodio uz predano mentorstvo nastavnika iz partnerskih ustanova: Obrtni\u010dka i industrijska graditeljska \u0161kola: Ana Jerbi\u0107 i Danijel Cetinjan, Graditeljska tehni\u010dka \u0161kola: Ante Kekez, XIII. gimnazija: Ana \u0110ordi\u0107 i Ines \u0160imec, Geodetska \u0161kola Zagreb: Matilda Mato\u0161evi\u0107 i Irena Prgomet, U\u010deni\u010dki dom Novi Zagreb: Matea \u0106uku\u0161i\u0107 i Irena Popek.<\/p>\n<p data-start=\"1742\" data-end=\"1819\"><img loading=\"lazy\" decoding=\"async\" class=\"alignnone size-medium wp-image-3846\" src=\"https:\/\/mediatalenti.hr\/novo\/wp-content\/uploads\/2025\/12\/DSC06465-300x200.jpg\" alt=\"\" width=\"300\" height=\"200\" srcset=\"https:\/\/mediatalenti.hr\/novo\/wp-content\/uploads\/2025\/12\/DSC06465-300x200.jpg 300w, https:\/\/mediatalenti.hr\/novo\/wp-content\/uploads\/2025\/12\/DSC06465-1024x683.jpg 1024w, https:\/\/mediatalenti.hr\/novo\/wp-content\/uploads\/2025\/12\/DSC06465-768x512.jpg 768w, https:\/\/mediatalenti.hr\/novo\/wp-content\/uploads\/2025\/12\/DSC06465-1536x1024.jpg 1536w, https:\/\/mediatalenti.hr\/novo\/wp-content\/uploads\/2025\/12\/DSC06465-2048x1365.jpg 2048w\" sizes=\"auto, (max-width: 300px) 100vw, 300px\" \/><\/p>\n<pre data-start=\"1742\" data-end=\"1819\">Ravnatelji \u0161kola uklju\u010denih u projekt Medijska mre\u017ea.<\/pre>\n<p data-start=\"2090\" data-end=\"2149\">Pet nastalih videa iznimno su vrijedan alat za sat razrednika u osnovnim \u0161kolama jer na pristupa\u010dan i autenti\u010dan na\u010din predstavljaju razli\u010dite srednjo\u0161kolske obrazovne programe. Namijenjeni su poticanju u\u010denika osmih razreda na promi\u0161ljanje o odabiru srednje \u0161kole, a ujedno mogu pomo\u0107i i roditeljima u dono\u0161enju informirane odluke. Kroz stvarne primjere, iskustva u\u010denika i prikaz \u0161kolskog okru\u017eenja, videi pru\u017eaju realan uvid u \u017eivot i rad pojedinih \u0161kola te doprinose kvalitetnijoj profesionalnoj orijentaciji u\u010denika.<\/p>\n<p><img loading=\"lazy\" decoding=\"async\" class=\"alignnone size-medium wp-image-2971\" src=\"https:\/\/mediatalenti.hr\/novo\/wp-content\/uploads\/2025\/11\/456-300x169.jpg\" alt=\"\" width=\"300\" height=\"169\" srcset=\"https:\/\/mediatalenti.hr\/novo\/wp-content\/uploads\/2025\/11\/456-300x169.jpg 300w, https:\/\/mediatalenti.hr\/novo\/wp-content\/uploads\/2025\/11\/456-1024x576.jpg 1024w, https:\/\/mediatalenti.hr\/novo\/wp-content\/uploads\/2025\/11\/456-768x432.jpg 768w, https:\/\/mediatalenti.hr\/novo\/wp-content\/uploads\/2025\/11\/456-1536x864.jpg 1536w, https:\/\/mediatalenti.hr\/novo\/wp-content\/uploads\/2025\/11\/456.jpg 1920w\" sizes=\"auto, (max-width: 300px) 100vw, 300px\" \/><\/p>\n<pre>U\u010denici, \u010dlanovi filmske sekcije u XIII. gimnaziji.<\/pre>\n<h2><strong data-start=\"3211\" data-end=\"3245\">Generacija koja stvara sadr\u017eaj<\/strong><\/h2>\n<p data-start=\"1532\" data-end=\"1621\">Radionice su bile intenzivne, dinami\u010dne i \u2013 \u0161to je najva\u017enije \u2013 pune dobrog raspolo\u017eenja. Nije sve i\u0161lo savr\u0161eno iz prvog poku\u0161aja, bilo je pogre\u0161aka, ponavljanja, krivih kadrova, izgovora koji su zapeli, padanja u smijeh usred snimanja\u2026 ali sve je to dio procesa u kojem se najbolje u\u010di.<\/p>\n<p data-start=\"1532\" data-end=\"1621\"><img loading=\"lazy\" decoding=\"async\" class=\"alignnone size-medium wp-image-2947\" src=\"https:\/\/mediatalenti.hr\/novo\/wp-content\/uploads\/2025\/11\/586616627_1252566473575360_2856853309422968061_n-300x225.jpg\" alt=\"\" width=\"300\" height=\"225\" srcset=\"https:\/\/mediatalenti.hr\/novo\/wp-content\/uploads\/2025\/11\/586616627_1252566473575360_2856853309422968061_n-300x225.jpg 300w, https:\/\/mediatalenti.hr\/novo\/wp-content\/uploads\/2025\/11\/586616627_1252566473575360_2856853309422968061_n-768x576.jpg 768w, https:\/\/mediatalenti.hr\/novo\/wp-content\/uploads\/2025\/11\/586616627_1252566473575360_2856853309422968061_n.jpg 960w\" sizes=\"auto, (max-width: 300px) 100vw, 300px\" \/><\/p>\n<pre data-start=\"1532\" data-end=\"1621\"><em>U\u010denici na jednoj od radionica.<\/em><\/pre>\n<p data-start=\"1532\" data-end=\"1621\">A kad je trebalo, svi su bili fokusirani i ozbiljni \u2013 kao pravi profesionalci.<\/p>\n<p data-start=\"1532\" data-end=\"1621\"><img loading=\"lazy\" decoding=\"async\" class=\"alignnone size-medium wp-image-2985\" src=\"https:\/\/mediatalenti.hr\/novo\/wp-content\/uploads\/2025\/11\/Snapshot90-300x169.jpg\" alt=\"\" width=\"300\" height=\"169\" srcset=\"https:\/\/mediatalenti.hr\/novo\/wp-content\/uploads\/2025\/11\/Snapshot90-300x169.jpg 300w, https:\/\/mediatalenti.hr\/novo\/wp-content\/uploads\/2025\/11\/Snapshot90-1024x576.jpg 1024w, https:\/\/mediatalenti.hr\/novo\/wp-content\/uploads\/2025\/11\/Snapshot90-768x432.jpg 768w, https:\/\/mediatalenti.hr\/novo\/wp-content\/uploads\/2025\/11\/Snapshot90-1536x864.jpg 1536w, https:\/\/mediatalenti.hr\/novo\/wp-content\/uploads\/2025\/11\/Snapshot90.jpg 1920w\" sizes=\"auto, (max-width: 300px) 100vw, 300px\" \/><\/p>\n<p data-start=\"3247\" data-end=\"3359\">Moramo naglasiti u\u010denici su bili iznimno motivirani, anga\u017eirani i kreativni.<br data-start=\"3306\" data-end=\"3309\">Mnogi su istaknuli da bi voljeli sudjelovati i u budu\u0107im projektima, jer su mediji podru\u010dje koje ih privla\u010di, a iskustvo im je pru\u017eilo vje\u0161tine koje \u0107e mo\u0107i koristiti i u profesionalnom \u017eivotu.<\/p>\n<p data-start=\"3247\" data-end=\"3359\"><img loading=\"lazy\" decoding=\"async\" class=\"alignnone size-medium wp-image-2987\" src=\"https:\/\/mediatalenti.hr\/novo\/wp-content\/uploads\/2025\/11\/549252792_1237743251724349_1196865097095333255_n-Copy-225x300.jpg\" alt=\"\" width=\"225\" height=\"300\" srcset=\"https:\/\/mediatalenti.hr\/novo\/wp-content\/uploads\/2025\/11\/549252792_1237743251724349_1196865097095333255_n-Copy-225x300.jpg 225w, https:\/\/mediatalenti.hr\/novo\/wp-content\/uploads\/2025\/11\/549252792_1237743251724349_1196865097095333255_n-Copy.jpg 720w\" sizes=\"auto, (max-width: 225px) 100vw, 225px\" \/> <img loading=\"lazy\" decoding=\"async\" class=\"alignnone size-medium wp-image-2993\" src=\"https:\/\/mediatalenti.hr\/novo\/wp-content\/uploads\/2025\/11\/576810275_1237743755057632_3686067260271258338_n-225x300.jpg\" alt=\"\" width=\"225\" height=\"300\" srcset=\"https:\/\/mediatalenti.hr\/novo\/wp-content\/uploads\/2025\/11\/576810275_1237743755057632_3686067260271258338_n-225x300.jpg 225w, https:\/\/mediatalenti.hr\/novo\/wp-content\/uploads\/2025\/11\/576810275_1237743755057632_3686067260271258338_n.jpg 720w\" sizes=\"auto, (max-width: 225px) 100vw, 225px\" \/><\/p>\n<pre data-start=\"3247\" data-end=\"3359\">Snimanje u \u0161kolskom studiju Majstori.tv<\/pre>\n<h1 data-start=\"3731\" data-end=\"3792\"><strong data-start=\"3733\" data-end=\"3792\">Pet reporta\u017ea \u2013 pet pri\u010da koje mijenjaju sliku \u0161kolstva<\/strong><\/h1>\n<p data-start=\"3794\" data-end=\"4018\">Na temelju svih aktivnosti nastalo je pet videa, po jedan za svaku partnersku ustanovu.<br data-start=\"3900\" data-end=\"3903\">Videi su sada dostupni javnosti i \u0161kole ih mogu koristiti za promociju, prezentacije, upise i \u0161kolske projekte.<\/p>\n<p data-start=\"3794\" data-end=\"4018\"><a href=\"https:\/\/youtu.be\/CCX8XNLgGf0\"><img loading=\"lazy\" decoding=\"async\" class=\"alignnone size-medium wp-image-2995\" src=\"https:\/\/mediatalenti.hr\/novo\/wp-content\/uploads\/2025\/11\/576915137_1237743415057666_4434948229787555998_n-300x225.jpg\" alt=\"\" width=\"300\" height=\"225\" srcset=\"https:\/\/mediatalenti.hr\/novo\/wp-content\/uploads\/2025\/11\/576915137_1237743415057666_4434948229787555998_n-300x225.jpg 300w, https:\/\/mediatalenti.hr\/novo\/wp-content\/uploads\/2025\/11\/576915137_1237743415057666_4434948229787555998_n-768x576.jpg 768w, https:\/\/mediatalenti.hr\/novo\/wp-content\/uploads\/2025\/11\/576915137_1237743415057666_4434948229787555998_n.jpg 960w\" sizes=\"auto, (max-width: 300px) 100vw, 300px\" \/><\/a><\/p>\n<h3 data-start=\"4020\" data-end=\"4086\"><a href=\"https:\/\/youtu.be\/CCX8XNLgGf0\">\u25b6 1. Video \u2013 Obrtni\u010dka i industrijska graditeljska \u0161kola<\/a><\/h3>\n<p>&nbsp;<\/p>\n<p data-start=\"4087\" data-end=\"4115\"><a href=\"https:\/\/youtu.be\/Pu6unJ_RCLU\"><img loading=\"lazy\" decoding=\"async\" class=\"alignnone size-medium wp-image-2980\" src=\"https:\/\/mediatalenti.hr\/novo\/wp-content\/uploads\/2025\/11\/Snap-300x169.jpg\" alt=\"\" width=\"300\" height=\"169\" srcset=\"https:\/\/mediatalenti.hr\/novo\/wp-content\/uploads\/2025\/11\/Snap-300x169.jpg 300w, https:\/\/mediatalenti.hr\/novo\/wp-content\/uploads\/2025\/11\/Snap-1024x576.jpg 1024w, https:\/\/mediatalenti.hr\/novo\/wp-content\/uploads\/2025\/11\/Snap-768x432.jpg 768w, https:\/\/mediatalenti.hr\/novo\/wp-content\/uploads\/2025\/11\/Snap-1536x864.jpg 1536w, https:\/\/mediatalenti.hr\/novo\/wp-content\/uploads\/2025\/11\/Snap.jpg 1920w\" sizes=\"auto, (max-width: 300px) 100vw, 300px\" \/><\/a><\/p>\n<h3 data-start=\"4117\" data-end=\"4162\"><a href=\"https:\/\/youtu.be\/Pu6unJ_RCLU\">\u25b6 2. Video \u2013 Geodetska \u0161kola Zagreb<\/a><\/h3>\n<p>&nbsp;<\/p>\n<p><a href=\"https:\/\/youtu.be\/nkKvIbRJbkM\"><img loading=\"lazy\" decoding=\"async\" class=\"alignnone size-medium wp-image-2984\" src=\"https:\/\/mediatalenti.hr\/novo\/wp-content\/uploads\/2025\/11\/Snapshot67-300x169.jpg\" alt=\"\" width=\"300\" height=\"169\" srcset=\"https:\/\/mediatalenti.hr\/novo\/wp-content\/uploads\/2025\/11\/Snapshot67-300x169.jpg 300w, https:\/\/mediatalenti.hr\/novo\/wp-content\/uploads\/2025\/11\/Snapshot67-1024x576.jpg 1024w, https:\/\/mediatalenti.hr\/novo\/wp-content\/uploads\/2025\/11\/Snapshot67-768x432.jpg 768w, https:\/\/mediatalenti.hr\/novo\/wp-content\/uploads\/2025\/11\/Snapshot67-1536x864.jpg 1536w, https:\/\/mediatalenti.hr\/novo\/wp-content\/uploads\/2025\/11\/Snapshot67.jpg 1920w\" sizes=\"auto, (max-width: 300px) 100vw, 300px\" \/><\/a><\/p>\n<h3 data-start=\"4193\" data-end=\"4238\"><a href=\"https:\/\/youtu.be\/nkKvIbRJbkM\">\u25b6 3. Video \u2013 XIII. gimnazija Zagreb<\/a><\/h3>\n<p>&nbsp;<\/p>\n<p><a href=\"https:\/\/youtu.be\/m_SI7Ny8MJE\"><img loading=\"lazy\" decoding=\"async\" class=\"alignnone size-medium wp-image-2955\" src=\"https:\/\/mediatalenti.hr\/novo\/wp-content\/uploads\/2025\/11\/584504297_1247341594097848_5495190714831335720_n-300x225.jpg\" alt=\"\" width=\"300\" height=\"225\" srcset=\"https:\/\/mediatalenti.hr\/novo\/wp-content\/uploads\/2025\/11\/584504297_1247341594097848_5495190714831335720_n-300x225.jpg 300w, https:\/\/mediatalenti.hr\/novo\/wp-content\/uploads\/2025\/11\/584504297_1247341594097848_5495190714831335720_n-768x576.jpg 768w, https:\/\/mediatalenti.hr\/novo\/wp-content\/uploads\/2025\/11\/584504297_1247341594097848_5495190714831335720_n.jpg 960w\" sizes=\"auto, (max-width: 300px) 100vw, 300px\" \/><\/a><\/p>\n<h3 data-start=\"4269\" data-end=\"4319\"><a href=\"https:\/\/youtu.be\/m_SI7Ny8MJE\">\u25b6 4. Video \u2013 Graditeljska tehni\u010dka \u0161kola<\/a><\/h3>\n<p data-start=\"4320\" data-end=\"4348\"><a href=\"https:\/\/youtu.be\/k8ihKx_FBj4\"><img loading=\"lazy\" decoding=\"async\" class=\"alignnone size-medium wp-image-2953\" src=\"https:\/\/mediatalenti.hr\/novo\/wp-content\/uploads\/2025\/11\/584306599_1247341694097838_7175070368835873455_n-300x225.jpg\" alt=\"\" width=\"300\" height=\"225\" srcset=\"https:\/\/mediatalenti.hr\/novo\/wp-content\/uploads\/2025\/11\/584306599_1247341694097838_7175070368835873455_n-300x225.jpg 300w, https:\/\/mediatalenti.hr\/novo\/wp-content\/uploads\/2025\/11\/584306599_1247341694097838_7175070368835873455_n-768x576.jpg 768w, https:\/\/mediatalenti.hr\/novo\/wp-content\/uploads\/2025\/11\/584306599_1247341694097838_7175070368835873455_n.jpg 960w\" sizes=\"auto, (max-width: 300px) 100vw, 300px\" \/><\/a><\/p>\n<h3 data-start=\"4350\" data-end=\"4397\"><a href=\"https:\/\/youtu.be\/k8ihKx_FBj4\">\u25b6 5. Video \u2013 U\u010deni\u010dki dom Novi Zagreb<\/a><\/h3>\n<p data-start=\"4398\" data-end=\"4426\">&nbsp;<\/p>\n<p data-start=\"4433\" data-end=\"4451\">Posebno nas je razveselila izjava Antonije iz OIG\u0160-a, koja je kroz projekt otkrila da se \u017eeli nastaviti baviti snimanjem i studijskim radom.<br data-start=\"2555\" data-end=\"2558\">Osim \u0161to se bavi pjevanjem, kroz razgovor smo pokrenuli i ideju o snimanju njezinog prvog glazbenog spota \u2013 jer za\u0161to ne?<\/p>\n<p data-start=\"4433\" data-end=\"4451\"><img loading=\"lazy\" decoding=\"async\" class=\"alignnone size-medium wp-image-2990\" src=\"https:\/\/mediatalenti.hr\/novo\/wp-content\/uploads\/2025\/11\/574963906_1237743801724294_7216773280327053803_n-300x225.jpg\" alt=\"\" width=\"300\" height=\"225\" srcset=\"https:\/\/mediatalenti.hr\/novo\/wp-content\/uploads\/2025\/11\/574963906_1237743801724294_7216773280327053803_n-300x225.jpg 300w, https:\/\/mediatalenti.hr\/novo\/wp-content\/uploads\/2025\/11\/574963906_1237743801724294_7216773280327053803_n-768x576.jpg 768w, https:\/\/mediatalenti.hr\/novo\/wp-content\/uploads\/2025\/11\/574963906_1237743801724294_7216773280327053803_n.jpg 960w\" sizes=\"auto, (max-width: 300px) 100vw, 300px\" \/><\/p>\n<h1 data-start=\"4433\" data-end=\"4451\"><strong data-start=\"4566\" data-end=\"4588\">Rezultati projekta<\/strong><\/h1>\n<p data-start=\"4590\" data-end=\"4651\">Projekt Medijska mre\u017ea ostvario je sve planirane ciljeve pa \u010dak i vi\u0161e:<\/p>\n<ul data-start=\"4653\" data-end=\"5127\">\n<li data-start=\"4653\" data-end=\"4703\">\n<p data-start=\"4655\" data-end=\"4703\">Snimljeno je pet profesionalnih reporta\u017ea.<\/p>\n<\/li>\n<li data-start=\"4704\" data-end=\"4798\">\n<p data-start=\"4706\" data-end=\"4798\">U\u010denici i nastavnici stekli su konkretne medijske, komunikacijske i tehni\u010dke vje\u0161tine.<\/p>\n<\/li>\n<li data-start=\"4799\" data-end=\"4891\">\n<p data-start=\"4801\" data-end=\"4891\">Pove\u0107ana je medijska pismenost, kriti\u010dko razmi\u0161ljanje i odgovorno kori\u0161tenje medija.<\/p>\n<\/li>\n<li data-start=\"4892\" data-end=\"4954\">\n<p data-start=\"4894\" data-end=\"4954\">\u0160kole su dobile platformu za promociju svojih uspjeha.<\/p>\n<\/li>\n<li data-start=\"4955\" data-end=\"5033\">\n<p data-start=\"4957\" data-end=\"5033\">Ostvarena je suradnja me\u0111u \u0161kolama i otvoren prostor za nove projekte.<\/p>\n<\/li>\n<li data-start=\"5034\" data-end=\"5127\">\n<p data-start=\"5036\" data-end=\"5127\">Stvoreni su materijali koji \u0107e slu\u017eiti kao trajna dokumentacija i primjer dobre prakse.<\/p>\n<\/li>\n<li data-start=\"5034\" data-end=\"5127\">\n<p data-start=\"5036\" data-end=\"5127\">Na platformi ettaedu Agencije za odgoj i obrazovanje u sklopu \u017dupanijskih stru\u010dnih vije\u0107a za izvannastavne aktivnosti i preventivne \u0161kolske programe, na predavanjima su bili i nastavnici iz drugih zagreba\u010dkih \u0161kola te je predavanja slu\u0161alo dodatnih 100 nastavnika kojima su izdane valjane potvrde.&nbsp;&nbsp;Svi sudionici dobili su svoje potvrde i od strane Udruge Media talenti za doprinos provedbi projekta.<\/p>\n<\/li>\n<li data-start=\"5034\" data-end=\"5127\">\n<p data-start=\"5036\" data-end=\"5127\"><img loading=\"lazy\" decoding=\"async\" class=\"alignnone wp-image-2972\" src=\"https:\/\/mediatalenti.hr\/novo\/wp-content\/uploads\/2025\/11\/765-300x169.jpg\" alt=\"\" width=\"403\" height=\"227\" srcset=\"https:\/\/mediatalenti.hr\/novo\/wp-content\/uploads\/2025\/11\/765-300x169.jpg 300w, https:\/\/mediatalenti.hr\/novo\/wp-content\/uploads\/2025\/11\/765-1024x576.jpg 1024w, https:\/\/mediatalenti.hr\/novo\/wp-content\/uploads\/2025\/11\/765-768x432.jpg 768w, https:\/\/mediatalenti.hr\/novo\/wp-content\/uploads\/2025\/11\/765-1536x864.jpg 1536w, https:\/\/mediatalenti.hr\/novo\/wp-content\/uploads\/2025\/11\/765.jpg 1920w\" sizes=\"auto, (max-width: 403px) 100vw, 403px\" \/><\/p>\n<\/li>\n<\/ul>\n<h1 data-start=\"5134\" data-end=\"5168\"><strong data-start=\"5136\" data-end=\"5168\">Zaklju\u010dak \u2013 vi\u0161e od projekta<\/strong><\/h1>\n<p data-start=\"5170\" data-end=\"5442\">Medijska mre\u017ea pokazala je da u\u010denici \u017eele stvarati, istra\u017eivati, komunicirati i biti dio procesa koji nadilazi svakodnevnu nastavu.<br data-start=\"5306\" data-end=\"5309\">Projekt je otvorio vrata novim suradnjama, osna\u017eio mlade kreatore i stvorio vrijedne sadr\u017eaje koji \u0107e \u017eivjeti i nakon kraja provedbe.<\/p>\n<p data-start=\"5444\" data-end=\"5552\">Upravo zato \u2013 ovo nije kraj.<br data-start=\"5472\" data-end=\"5475\">Ovo je po\u010detak jedne nove mre\u017ee suradnje, kreativnosti i medijske pismenosti.<\/p>\n<p data-start=\"5444\" data-end=\"5552\">Zahvaljujemo Agenciji za elektroni\u010dke medije koja je projekt prepoznala i podr\u017eala.<\/p>\n<p data-start=\"5444\" data-end=\"5552\"><img loading=\"lazy\" decoding=\"async\" class=\"alignnone size-medium wp-image-2961\" src=\"https:\/\/mediatalenti.hr\/novo\/wp-content\/uploads\/2025\/11\/Medijska-mreza-300x300.png\" alt=\"\" width=\"300\" height=\"300\" srcset=\"https:\/\/mediatalenti.hr\/novo\/wp-content\/uploads\/2025\/11\/Medijska-mreza-300x300.png 300w, https:\/\/mediatalenti.hr\/novo\/wp-content\/uploads\/2025\/11\/Medijska-mreza-1024x1024.png 1024w, https:\/\/mediatalenti.hr\/novo\/wp-content\/uploads\/2025\/11\/Medijska-mreza-150x150.png 150w, https:\/\/mediatalenti.hr\/novo\/wp-content\/uploads\/2025\/11\/Medijska-mreza-768x768.png 768w, https:\/\/mediatalenti.hr\/novo\/wp-content\/uploads\/2025\/11\/Medijska-mreza-100x100.png 100w, https:\/\/mediatalenti.hr\/novo\/wp-content\/uploads\/2025\/11\/Medijska-mreza.png 1536w\" sizes=\"auto, (max-width: 300px) 100vw, 300px\" \/><\/p>\n<h1 data-start=\"4433\" data-end=\"4451\"><strong data-start=\"4435\" data-end=\"4451\">Fotogalerija &#8211; trenutci koje \u017eelimo zadr\u017eati<\/strong><\/h1>\nngg_shortcode_1_placeholder\n<p data-start=\"5444\" data-end=\"5552\">&nbsp;<\/p>\n<h2><span style=\"color: #000080;\"><a style=\"color: #000080;\" href=\"https:\/\/www.srednja.hr\/zbornica\/cetiri-skole-u-zagrebu-i-dom-dijele-jedno-dvoriste-ucenici-su-se-konacno-imali-priliku-upoznati\/\">Pro\u010ditajte \u010dlanak koji je objavio portal Srednja.hr o projektu Medijska mre\u017ea<\/a><\/span><\/h2>\n<p data-start=\"5444\" data-end=\"5552\">&nbsp;<\/p>\n<p data-start=\"5444\" data-end=\"5552\"><span style=\"color: #000080;\">Poveznice na objave na Facebooku:<\/span><\/p>\n<p><span style=\"color: #000080;\"><a style=\"color: #000080;\" href=\"https:\/\/www.facebook.com\/majstori.tv\/posts\/pfbid02mBegk3D8fmEc9uqP16kc8NovzEMcxYrohYGiCNSVnzA9mQY6DozVAZwvDUA8tGGrl\">https:\/\/www.facebook.com\/majstori.tv\/posts\/pfbid02mBegk3D8fmEc9uqP16kc8NovzEMcxYrohYGiCNSVnzA9mQY6DozVAZwvDUA8tGGrl<\/a><\/span><\/p>\n<p><a href=\"https:\/\/www.facebook.com\/share\/v\/1bx6GHTfRf\/\"><span style=\"color: #000080;\">https:\/\/www.facebook.com\/share\/v\/1bx6GHTfRf\/<\/span><\/a><\/p>\n<p><span style=\"color: #000080;\"><a style=\"color: #000080;\" href=\"https:\/\/www.facebook.com\/majstori.tv\/posts\/pfbid0mEvo8aPdnmT7PgR83wKPKLcVCbDdPrP7fzhgnVV4yD9Q1arGRSUE9dK8ka8Kor4ql\">https:\/\/www.facebook.com\/majstori.tv\/posts\/pfbid0mEvo8aPdnmT7PgR83wKPKLcVCbDdPrP7fzhgnVV4yD9Q1arGRSUE9dK8ka8Kor4ql<\/a><\/span><\/p>\n<p><span style=\"color: #000080;\"><a style=\"color: #000080;\" href=\"https:\/\/www.facebook.com\/majstori.tv\/posts\/pfbid0WTHuq62NfxUuAC2y6DL4MWZ1M1sbxMDhn4v1Hh6kTmMAyK6Tdx7pW2qDXphSMckQl\">https:\/\/www.facebook.com\/majstori.tv\/posts\/pfbid0WTHuq62NfxUuAC2y6DL4MWZ1M1sbxMDhn4v1Hh6kTmMAyK6Tdx7pW2qDXphSMckQl<\/a><\/span><\/p>\n<p><a href=\"https:\/\/www.facebook.com\/share\/v\/1VLL2SVjWV\/\"><span style=\"color: #000080;\">https:\/\/www.facebook.com\/share\/v\/1VLL2SVjWV\/<\/span><\/a><\/p>\n<p><span style=\"color: #000080;\"><a style=\"color: #000080;\" href=\"https:\/\/www.facebook.com\/majstori.tv\/posts\/pfbid02aG75gxQVcdFj7Qx68W5Fo9QDj16icqGKn8nEfZycvnzEucAhYYV7LoohFfGH3qWnl\">https:\/\/www.facebook.com\/majstori.tv\/posts\/pfbid02aG75gxQVcdFj7Qx68W5Fo9QDj16icqGKn8nEfZycvnzEucAhYYV7LoohFfGH3qWnl<\/a><\/span><\/p>\n<p><span style=\"color: #000080;\"><a style=\"color: #000080;\" href=\"https:\/\/www.facebook.com\/majstori.tv\/posts\/pfbid02Fv572N2JWQLQFdHBtNHwEcxihK3osvwDw4gQ5aZ8utZfpptPYoeRDZ87WecUkno7l\">https:\/\/www.facebook.com\/majstori.tv\/posts\/pfbid02Fv572N2JWQLQFdHBtNHwEcxihK3osvwDw4gQ5aZ8utZfpptPYoeRDZ87WecUkno7l<\/a><\/span><\/p>\n<p><a href=\"https:\/\/www.facebook.com\/majstori.tv\/posts\/pfbid0LjDKWNPK1ioihkEJVQ5BVSjgicXTRdCjhDxfQ4kDMh3NTcRqi3kVT8GZu2cfV6Zul\"><span style=\"color: #000080;\">https:\/\/www.facebook.com\/majstori.tv\/posts\/pfbid0LjDKWNPK1ioihkEJVQ5BVSjgicXTRdCjhDxfQ4kDMh3NTcRqi3kVT8GZu2cfV6Zul<\/span><\/a><\/p>\n<p><a href=\"https:\/\/www.facebook.com\/share\/v\/1CqtDEMTBf\/\"><span style=\"color: #000080;\">https:\/\/www.facebook.com\/share\/v\/1CqtDEMTBf\/<\/span><\/a><\/p>\n<p><span style=\"color: #000080;\"><a style=\"color: #000080;\" href=\"https:\/\/www.facebook.com\/share\/v\/1BosFWDfdh\/\">https:\/\/www.facebook.com\/share\/v\/1BosFWDfdh\/<\/a><\/span><\/p>\n<p><span style=\"color: #000080;\"><a style=\"color: #000080;\" href=\"https:\/\/l.facebook.com\/l.php?u=https%3A%2F%2Fyoutu.be%2FjUe1IMUwe4k%3Ffeature%3Dshared&amp;h=AT3mxSMdbOirrPifLwPBi_HS5HQVcMttjzXIEduYIfAclgA9ZV9Kk9c0jPfXBVZxHTrvljWCwh2jNAOjKAOZZ-qIH984CKUOO4mmgyJ8qCGdC5uXf1btG-Ccwt38xfbCGnZdbgNnSJGu3A&amp;s=1\">https:\/\/l.facebook.com\/l.php?u=https%3A%2F%2Fyoutu.be%2FjUe1IMUwe4k%3Ffeature%3Dshared&amp;h=AT3mxSMdbOirrPifLwPBi_HS5HQVcMttjzXIEduYIfAclgA9ZV9Kk9c0jPfXBVZxHTrvljWCwh2jNAOjKAOZZ-qIH984CKUOO4mmgyJ8qCGdC5uXf1btG-Ccwt38xfbCGnZdbgNnSJGu3A&amp;s=1<\/a><\/span><\/p>\n","protected":false},"excerpt":{"rendered":"<p>MEDIJSKA MRE\u017dA \u2013 Projekt koji je povezao \u0161kole i otvorio nova vrata medijskoj pismenosti &nbsp; Uspje\u0161no proveden projekt medijske produkcije u partnerstvu pet obrazovnih ustanova Odr\u017eana je zavr\u0161na premijera projekta Medijska mre\u017ea, \u010dime je na sve\u010dan i simboli\u010dan na\u010din zaokru\u017een vi\u0161emjese\u010dni projekt medijske produkcije proveden u partnerstvu pet obrazovnih ustanova, uz podr\u0161ku Agencije za elektroni\u010dke &hellip; <\/p>\n<p class=\"link-more\"><a href=\"https:\/\/mediatalenti.hr\/novo\/medijska-mreza\/\" class=\"more-link\">Nastavi \u010ditati<span class=\"screen-reader-text\"> &#8220;MEDIJSKA MRE\u017dA&#8221;<\/span><\/a><\/p>\n","protected":false},"author":2,"featured_media":0,"parent":0,"menu_order":0,"comment_status":"closed","ping_status":"closed","template":"","meta":{"ngg_post_thumbnail":0,"_mc_calendar":[],"footnotes":""},"class_list":["post-2937","page","type-page","status-publish","hentry"],"yoast_head":"<!-- This site is optimized with the Yoast SEO plugin v27.5 - https:\/\/yoast.com\/product\/yoast-seo-wordpress\/ -->\n<title>MEDIJSKA MRE\u017dA - Media talenti<\/title>\n<meta name=\"robots\" content=\"index, follow, max-snippet:-1, max-image-preview:large, max-video-preview:-1\" \/>\n<link rel=\"canonical\" href=\"https:\/\/mediatalenti.hr\/novo\/medijska-mreza\/\" \/>\n<meta property=\"og:locale\" content=\"hr_HR\" \/>\n<meta property=\"og:type\" content=\"article\" \/>\n<meta property=\"og:title\" content=\"MEDIJSKA MRE\u017dA - Media talenti\" \/>\n<meta property=\"og:description\" content=\"MEDIJSKA MRE\u017dA \u2013 Projekt koji je povezao \u0161kole i otvorio nova vrata medijskoj pismenosti &nbsp; Uspje\u0161no proveden projekt medijske produkcije u partnerstvu pet obrazovnih ustanova Odr\u017eana je zavr\u0161na premijera projekta Medijska mre\u017ea, \u010dime je na sve\u010dan i simboli\u010dan na\u010din zaokru\u017een vi\u0161emjese\u010dni projekt medijske produkcije proveden u partnerstvu pet obrazovnih ustanova, uz podr\u0161ku Agencije za elektroni\u010dke &hellip; Nastavi \u010ditati &quot;MEDIJSKA MRE\u017dA&quot;\" \/>\n<meta property=\"og:url\" content=\"https:\/\/mediatalenti.hr\/novo\/medijska-mreza\/\" \/>\n<meta property=\"og:site_name\" content=\"Media talenti\" \/>\n<meta property=\"article:publisher\" content=\"https:\/\/www.facebook.com\/majstori.tv\/\" \/>\n<meta property=\"article:modified_time\" content=\"2025-12-31T10:59:42+00:00\" \/>\n<meta property=\"og:image\" content=\"https:\/\/mediatalenti.hr\/novo\/wp-content\/uploads\/2025\/12\/Dusty-Pink-Modern-Vision-Board-Presentation-1024x576.png\" \/>\n\t<meta property=\"og:image:width\" content=\"1024\" \/>\n\t<meta property=\"og:image:height\" content=\"576\" \/>\n\t<meta property=\"og:image:type\" content=\"image\/png\" \/>\n<meta name=\"twitter:card\" content=\"summary_large_image\" \/>\n<meta name=\"twitter:label1\" content=\"Procijenjeno vrijeme \u010ditanja\" \/>\n\t<meta name=\"twitter:data1\" content=\"15 minuta\" \/>\n<script type=\"application\/ld+json\" class=\"yoast-schema-graph\">{\"@context\":\"https:\\\/\\\/schema.org\",\"@graph\":[{\"@type\":\"WebPage\",\"@id\":\"https:\\\/\\\/mediatalenti.hr\\\/novo\\\/medijska-mreza\\\/\",\"url\":\"https:\\\/\\\/mediatalenti.hr\\\/novo\\\/medijska-mreza\\\/\",\"name\":\"MEDIJSKA MRE\u017dA - Media talenti\",\"isPartOf\":{\"@id\":\"https:\\\/\\\/mediatalenti.hr\\\/novo\\\/#website\"},\"primaryImageOfPage\":{\"@id\":\"https:\\\/\\\/mediatalenti.hr\\\/novo\\\/medijska-mreza\\\/#primaryimage\"},\"image\":{\"@id\":\"https:\\\/\\\/mediatalenti.hr\\\/novo\\\/medijska-mreza\\\/#primaryimage\"},\"thumbnailUrl\":\"https:\\\/\\\/mediatalenti.hr\\\/novo\\\/wp-content\\\/uploads\\\/2025\\\/12\\\/Dusty-Pink-Modern-Vision-Board-Presentation-300x169.png\",\"datePublished\":\"2025-11-30T07:40:43+00:00\",\"dateModified\":\"2025-12-31T10:59:42+00:00\",\"breadcrumb\":{\"@id\":\"https:\\\/\\\/mediatalenti.hr\\\/novo\\\/medijska-mreza\\\/#breadcrumb\"},\"inLanguage\":\"hr\",\"potentialAction\":[{\"@type\":\"ReadAction\",\"target\":[\"https:\\\/\\\/mediatalenti.hr\\\/novo\\\/medijska-mreza\\\/\"]}]},{\"@type\":\"ImageObject\",\"inLanguage\":\"hr\",\"@id\":\"https:\\\/\\\/mediatalenti.hr\\\/novo\\\/medijska-mreza\\\/#primaryimage\",\"url\":\"https:\\\/\\\/mediatalenti.hr\\\/novo\\\/wp-content\\\/uploads\\\/2025\\\/12\\\/Dusty-Pink-Modern-Vision-Board-Presentation.png\",\"contentUrl\":\"https:\\\/\\\/mediatalenti.hr\\\/novo\\\/wp-content\\\/uploads\\\/2025\\\/12\\\/Dusty-Pink-Modern-Vision-Board-Presentation.png\",\"width\":1920,\"height\":1080},{\"@type\":\"BreadcrumbList\",\"@id\":\"https:\\\/\\\/mediatalenti.hr\\\/novo\\\/medijska-mreza\\\/#breadcrumb\",\"itemListElement\":[{\"@type\":\"ListItem\",\"position\":1,\"name\":\"Po\u010detna stranica\",\"item\":\"https:\\\/\\\/mediatalenti.hr\\\/novo\\\/\"},{\"@type\":\"ListItem\",\"position\":2,\"name\":\"MEDIJSKA MRE\u017dA\"}]},{\"@type\":\"WebSite\",\"@id\":\"https:\\\/\\\/mediatalenti.hr\\\/novo\\\/#website\",\"url\":\"https:\\\/\\\/mediatalenti.hr\\\/novo\\\/\",\"name\":\"Media talenti\",\"description\":\"Udruga za izradu multimedijskog sadr\u017eaja\",\"publisher\":{\"@id\":\"https:\\\/\\\/mediatalenti.hr\\\/novo\\\/#organization\"},\"potentialAction\":[{\"@type\":\"SearchAction\",\"target\":{\"@type\":\"EntryPoint\",\"urlTemplate\":\"https:\\\/\\\/mediatalenti.hr\\\/novo\\\/?s={search_term_string}\"},\"query-input\":{\"@type\":\"PropertyValueSpecification\",\"valueRequired\":true,\"valueName\":\"search_term_string\"}}],\"inLanguage\":\"hr\"},{\"@type\":\"Organization\",\"@id\":\"https:\\\/\\\/mediatalenti.hr\\\/novo\\\/#organization\",\"name\":\"Media Talenti\",\"url\":\"https:\\\/\\\/mediatalenti.hr\\\/novo\\\/\",\"logo\":{\"@type\":\"ImageObject\",\"inLanguage\":\"hr\",\"@id\":\"https:\\\/\\\/mediatalenti.hr\\\/novo\\\/#\\\/schema\\\/logo\\\/image\\\/\",\"url\":\"https:\\\/\\\/mediatalenti.hr\\\/novo\\\/wp-content\\\/uploads\\\/2020\\\/07\\\/cropped-logo2-ok.png\",\"contentUrl\":\"https:\\\/\\\/mediatalenti.hr\\\/novo\\\/wp-content\\\/uploads\\\/2020\\\/07\\\/cropped-logo2-ok.png\",\"width\":512,\"height\":512,\"caption\":\"Media Talenti\"},\"image\":{\"@id\":\"https:\\\/\\\/mediatalenti.hr\\\/novo\\\/#\\\/schema\\\/logo\\\/image\\\/\"},\"sameAs\":[\"https:\\\/\\\/www.facebook.com\\\/majstori.tv\\\/\"]}]}<\/script>\n<!-- \/ Yoast SEO plugin. -->","yoast_head_json":{"title":"MEDIJSKA MRE\u017dA - Media talenti","robots":{"index":"index","follow":"follow","max-snippet":"max-snippet:-1","max-image-preview":"max-image-preview:large","max-video-preview":"max-video-preview:-1"},"canonical":"https:\/\/mediatalenti.hr\/novo\/medijska-mreza\/","og_locale":"hr_HR","og_type":"article","og_title":"MEDIJSKA MRE\u017dA - Media talenti","og_description":"MEDIJSKA MRE\u017dA \u2013 Projekt koji je povezao \u0161kole i otvorio nova vrata medijskoj pismenosti &nbsp; Uspje\u0161no proveden projekt medijske produkcije u partnerstvu pet obrazovnih ustanova Odr\u017eana je zavr\u0161na premijera projekta Medijska mre\u017ea, \u010dime je na sve\u010dan i simboli\u010dan na\u010din zaokru\u017een vi\u0161emjese\u010dni projekt medijske produkcije proveden u partnerstvu pet obrazovnih ustanova, uz podr\u0161ku Agencije za elektroni\u010dke &hellip; Nastavi \u010ditati \"MEDIJSKA MRE\u017dA\"","og_url":"https:\/\/mediatalenti.hr\/novo\/medijska-mreza\/","og_site_name":"Media talenti","article_publisher":"https:\/\/www.facebook.com\/majstori.tv\/","article_modified_time":"2025-12-31T10:59:42+00:00","og_image":[{"width":1024,"height":576,"url":"https:\/\/mediatalenti.hr\/novo\/wp-content\/uploads\/2025\/12\/Dusty-Pink-Modern-Vision-Board-Presentation-1024x576.png","type":"image\/png"}],"twitter_card":"summary_large_image","twitter_misc":{"Procijenjeno vrijeme \u010ditanja":"15 minuta"},"schema":{"@context":"https:\/\/schema.org","@graph":[{"@type":"WebPage","@id":"https:\/\/mediatalenti.hr\/novo\/medijska-mreza\/","url":"https:\/\/mediatalenti.hr\/novo\/medijska-mreza\/","name":"MEDIJSKA MRE\u017dA - Media talenti","isPartOf":{"@id":"https:\/\/mediatalenti.hr\/novo\/#website"},"primaryImageOfPage":{"@id":"https:\/\/mediatalenti.hr\/novo\/medijska-mreza\/#primaryimage"},"image":{"@id":"https:\/\/mediatalenti.hr\/novo\/medijska-mreza\/#primaryimage"},"thumbnailUrl":"https:\/\/mediatalenti.hr\/novo\/wp-content\/uploads\/2025\/12\/Dusty-Pink-Modern-Vision-Board-Presentation-300x169.png","datePublished":"2025-11-30T07:40:43+00:00","dateModified":"2025-12-31T10:59:42+00:00","breadcrumb":{"@id":"https:\/\/mediatalenti.hr\/novo\/medijska-mreza\/#breadcrumb"},"inLanguage":"hr","potentialAction":[{"@type":"ReadAction","target":["https:\/\/mediatalenti.hr\/novo\/medijska-mreza\/"]}]},{"@type":"ImageObject","inLanguage":"hr","@id":"https:\/\/mediatalenti.hr\/novo\/medijska-mreza\/#primaryimage","url":"https:\/\/mediatalenti.hr\/novo\/wp-content\/uploads\/2025\/12\/Dusty-Pink-Modern-Vision-Board-Presentation.png","contentUrl":"https:\/\/mediatalenti.hr\/novo\/wp-content\/uploads\/2025\/12\/Dusty-Pink-Modern-Vision-Board-Presentation.png","width":1920,"height":1080},{"@type":"BreadcrumbList","@id":"https:\/\/mediatalenti.hr\/novo\/medijska-mreza\/#breadcrumb","itemListElement":[{"@type":"ListItem","position":1,"name":"Po\u010detna stranica","item":"https:\/\/mediatalenti.hr\/novo\/"},{"@type":"ListItem","position":2,"name":"MEDIJSKA MRE\u017dA"}]},{"@type":"WebSite","@id":"https:\/\/mediatalenti.hr\/novo\/#website","url":"https:\/\/mediatalenti.hr\/novo\/","name":"Media talenti","description":"Udruga za izradu multimedijskog sadr\u017eaja","publisher":{"@id":"https:\/\/mediatalenti.hr\/novo\/#organization"},"potentialAction":[{"@type":"SearchAction","target":{"@type":"EntryPoint","urlTemplate":"https:\/\/mediatalenti.hr\/novo\/?s={search_term_string}"},"query-input":{"@type":"PropertyValueSpecification","valueRequired":true,"valueName":"search_term_string"}}],"inLanguage":"hr"},{"@type":"Organization","@id":"https:\/\/mediatalenti.hr\/novo\/#organization","name":"Media Talenti","url":"https:\/\/mediatalenti.hr\/novo\/","logo":{"@type":"ImageObject","inLanguage":"hr","@id":"https:\/\/mediatalenti.hr\/novo\/#\/schema\/logo\/image\/","url":"https:\/\/mediatalenti.hr\/novo\/wp-content\/uploads\/2020\/07\/cropped-logo2-ok.png","contentUrl":"https:\/\/mediatalenti.hr\/novo\/wp-content\/uploads\/2020\/07\/cropped-logo2-ok.png","width":512,"height":512,"caption":"Media Talenti"},"image":{"@id":"https:\/\/mediatalenti.hr\/novo\/#\/schema\/logo\/image\/"},"sameAs":["https:\/\/www.facebook.com\/majstori.tv\/"]}]}},"_links":{"self":[{"href":"https:\/\/mediatalenti.hr\/novo\/wp-json\/wp\/v2\/pages\/2937","targetHints":{"allow":["GET"]}}],"collection":[{"href":"https:\/\/mediatalenti.hr\/novo\/wp-json\/wp\/v2\/pages"}],"about":[{"href":"https:\/\/mediatalenti.hr\/novo\/wp-json\/wp\/v2\/types\/page"}],"author":[{"embeddable":true,"href":"https:\/\/mediatalenti.hr\/novo\/wp-json\/wp\/v2\/users\/2"}],"replies":[{"embeddable":true,"href":"https:\/\/mediatalenti.hr\/novo\/wp-json\/wp\/v2\/comments?post=2937"}],"version-history":[{"count":67,"href":"https:\/\/mediatalenti.hr\/novo\/wp-json\/wp\/v2\/pages\/2937\/revisions"}],"predecessor-version":[{"id":3874,"href":"https:\/\/mediatalenti.hr\/novo\/wp-json\/wp\/v2\/pages\/2937\/revisions\/3874"}],"wp:attachment":[{"href":"https:\/\/mediatalenti.hr\/novo\/wp-json\/wp\/v2\/media?parent=2937"}],"curies":[{"name":"wp","href":"https:\/\/api.w.org\/{rel}","templated":true}]}}